{"id":6044,"date":"2025-07-25T11:07:29","date_gmt":"2025-07-25T08:07:29","guid":{"rendered":"https:\/\/gepomay.fr\/?page_id=6044"},"modified":"2025-07-25T14:11:32","modified_gmt":"2025-07-25T11:11:32","slug":"gestion-de-la-mangrove-et-de-larriere-mangrove-de-la-baie-de-boueni","status":"publish","type":"page","link":"https:\/\/gepomay.fr\/index.php\/gestion-de-la-mangrove-et-de-larriere-mangrove-de-la-baie-de-boueni\/","title":{"rendered":"Gestion de la mangrove et de l&rsquo;arri\u00e8re mangrove de la baie de Bou\u00e9ni"},"content":{"rendered":"\t\t<div data-elementor-type=\"wp-page\" data-elementor-id=\"6044\" class=\"elementor elementor-6044\">\n\t\t\t\t<div class=\"elementor-element elementor-element-06c351f e-flex e-con-boxed e-con e-parent\" data-id=\"06c351f\" data-element_type=\"container\">\n\t\t\t\t\t<div class=\"e-con-inner\">\n\t\t\t\t<div class=\"elementor-element elementor-element-4840e5d elementor-widget elementor-widget-text-editor\" data-id=\"4840e5d\" data-element_type=\"widget\" data-widget_type=\"text-editor.default\">\n\t\t\t\t<div class=\"elementor-widget-container\">\n\t\t\t\t\t\t\t\t\t<div style=\"width: 100%; overflow: hidden; margin-bottom: 10px;\">\n\n<img decoding=\"async\" style=\"width: 100%; height: 210px; object-fit: cover; object-position: center 60%; display: block;\" src=\"https:\/\/gepomay.fr\/wp-content\/uploads\/2025\/07\/BdB_figure_0-scaled.jpg\" alt=\"Arri\u00e8re-mangrove de la baie de Bou\u00e9ni\" \/>\n<p style=\"font-size: 13px; color: #555; text-align: center; margin-top: 5px;\">L\u2019arri\u00e8re-mangrove, entre for\u00eat et prairie humide \u2013 Cr\u00e9dit photo : GEPOMAY<\/p>\n\n<\/div>\t\t\t\t\t\t\t\t<\/div>\n\t\t\t\t<\/div>\n\t\t\t\t<div class=\"elementor-element elementor-element-28cc91b elementor-widget elementor-widget-text-editor\" data-id=\"28cc91b\" data-element_type=\"widget\" data-widget_type=\"text-editor.default\">\n\t\t\t\t<div class=\"elementor-widget-container\">\n\t\t\t\t\t\t\t\t\t<p style=\"text-align: justify;\"><span style=\"color: #000000;\">Depuis juin 2023, le GEPOMAY est gestionnaire d&rsquo;une partie de l&rsquo;arri\u00e8re-mangrove de la baie de Bou\u00e9ni. Situ\u00e9e entre Malamani et Poroani, cette propri\u00e9t\u00e9 du Conservatoire du littoral de 23,5 ha se compose de for\u00eats supralittorales, de tannes et de prairies humides. V\u00e9ritable transition entre mangrove et milieu strictement terrestre, elle abrite une biodiversit\u00e9 riche qui oriente nos actions de protection.&nbsp;<\/span><\/p>\n<p style=\"text-align: justify;\"><span style=\"color: #000000;\">Elle fournit \u00e9galement de nombreux services essentiels aux habitants de la baie tel que la protection du trait de c\u00f4te contre l&rsquo;\u00e9rosion, la r\u00e9tention de s\u00e9diments limitant ainsi l\u2019envasement du lagon, la filtration des masses d&rsquo;eau, le stockage du carbone et l&rsquo;approvisionnement en plantes m\u00e9dicinales et en fourrage pour le b\u00e9tail. Cet \u00e9cosyst\u00e8me en danger critique d&rsquo;extinction (UICN, 2017) est principalement menac\u00e9 par le d\u00e9frichement pour la construction ou l&rsquo;installation de cultures.<\/span><\/p>\t\t\t\t\t\t\t\t<\/div>\n\t\t\t\t<\/div>\n\t\t\t\t<div class=\"elementor-element elementor-element-9725e86 elementor-widget elementor-widget-text-editor\" data-id=\"9725e86\" data-element_type=\"widget\" data-widget_type=\"text-editor.default\">\n\t\t\t\t<div class=\"elementor-widget-container\">\n\t\t\t\t\t\t\t\t\t<style>\n.image-text-wrapper {\n  display: flex;\n  flex-wrap: wrap;\n  align-items: flex-start;\n  gap: 20px;\n  margin: 20px 0;\n  font-family: 'Roboto', sans-serif;\n}\n\n.image-text-wrapper .text-column {\n  flex: 1 1 60%;\n  text-align: justify;\n  color: #000000;\n}\n\n.image-text-wrapper .image-column {\n  flex: 1 1 35%;\n  text-align: center;\n}\n\n.image-text-wrapper .image-column img {\n  max-width: 100%;\n  height: auto;\n  border-radius: 6px;\n  box-shadow: 0 2px 5px rgba(0, 0, 0, 0.1);\n}\n\n.image-text-wrapper .caption {\n  font-size: 13px;\n  color: #333333;\n  margin-top: 5px;\n  text-align: center;\n}\n<\/style>\n\n<div class=\"image-text-wrapper\">\n  <div class=\"text-column\">\n    <p>Apr\u00e8s l\u2019obtention de la gestion et des financements de l\u2019OFB et du fonds Nature 2050 en 2023, le GEPOMAY a pu poursuivre et largement renforcer ses actions sur l\u2019arri\u00e8re-mangrove. Avec ce projet, le GEPOMAY souhaite s\u2019inscrire sur le long terme dans la protection et la valorisation de la baie de Bou\u00e9ni.<\/p>\n\n    <br><br>\n\n    <p>Pour assurer une gestion concert\u00e9e de l\u2019arri\u00e8re-mangrove, un comit\u00e9 consultatif de gestion r\u00e9unissant les diff\u00e9rents acteurs du territoire a \u00e9t\u00e9 cr\u00e9\u00e9 et s\u2019est r\u00e9uni pour la premi\u00e8re fois le 21 juin 2024. Les 3 objectifs de gestion ont \u00e9t\u00e9 pr\u00e9sent\u00e9s : <b>prot\u00e9ger<\/b> l\u2019arri\u00e8re-mangrove encore pr\u00e9serv\u00e9e, <b>restaurer<\/b> l\u2019arri\u00e8re-mangrove d\u00e9grad\u00e9e, <b>sensibiliser<\/b> tous les acteurs et usagers du site \u00e0 l\u2019importance de ce milieu.<\/p>\n  <\/div>\n\n  <div class=\"image-column\">\n    <img decoding=\"async\" src=\"https:\/\/gepomay.fr\/wp-content\/uploads\/2025\/07\/BdB_figure_2-scaled.jpeg\" alt=\"Cartographie arri\u00e8re-mangrove baie de Bou\u00e9ni\">\n    <div class=\"caption\">Cartographie du site de l\u2019arri\u00e8re-mangrove de la baie de Bou\u00e9ni g\u00e9r\u00e9 par le GEPOMAY (23,5 ha)<\/div>\n  <\/div>\n<\/div>\t\t\t\t\t\t\t\t<\/div>\n\t\t\t\t<\/div>\n\t\t\t\t<div class=\"elementor-element elementor-element-541e4b4 elementor-widget elementor-widget-text-editor\" data-id=\"541e4b4\" data-element_type=\"widget\" data-widget_type=\"text-editor.default\">\n\t\t\t\t<div class=\"elementor-widget-container\">\n\t\t\t\t\t\t\t\t\t<style>\n.toggle-container {\n  background-color: #e6f2fa;\n  border-radius: 8px;\n  margin: 20px 0;\n  font-family: 'Roboto', sans-serif;\n  box-shadow: 0 2px 5px rgba(0,0,0,0.1);\n  overflow: hidden;\n}\n\n.toggle-header {\n  cursor: pointer;\n  padding: 15px 20px;\n  display: flex;\n  align-items: center;\n  justify-content: space-between;\n  font-weight: bold;\n  font-size: 18px;\n  color: #003d66;\n  background-color: #d4e9f7;\n  transition: background-color 0.3s ease;\n}\n\n.toggle-header:hover {\n  background-color: #c9e1f0;\n}\n\n.toggle-icon {\n  font-size: 20px;\n  transition: transform 0.3s ease;\n}\n\n.toggle-icon.rotate {\n  transform: rotate(180deg);\n}\n\n.toggle-content {\n  max-height: 0;\n  overflow: hidden;\n  transition: max-height 0.5s ease;\n  padding: 0 20px;\n  color: #000000;\n}\n\n.toggle-content.open {\n  padding: 20px;\n  max-height: 2000px;\n}\n\n.toggle-flex {\n  display: flex;\n  gap: 20px;\n  align-items: stretch; \/* pour \u00e9galiser hauteur texte & image *\/\n  flex-wrap: wrap;\n}\n\n.toggle-text {\n  flex: 1 1 65%;\n  text-align: justify; \/* JUSTIFICATION du texte *\/\n}\n\n.toggle-image {\n  flex: 1 1 30%;\n  text-align: center;\n  display: flex;\n  flex-direction: column;\n}\n\n.toggle-image img {\n  width: auto;\n  height: 100%; \/* image m\u00eame hauteur que texte *\/\n  border-radius: 5px;\n  object-fit: cover;\n}\n\n.caption {\n  font-size: 13px;\n  color: #333;\n  margin-top: 5px;\n  text-align: justify;\n}\n<\/style>\n\n<div class=\"toggle-container\">\n  <div class=\"toggle-header\" onclick=\"this.nextElementSibling.classList.toggle('open'); this.querySelector('.toggle-icon').classList.toggle('rotate');\">\n    Prot\u00e9ger\n    <span class=\"toggle-icon\">\u25bc<\/span>\n  <\/div>\n  <div class=\"toggle-content\">\n    <div class=\"toggle-flex\">\n      <div class=\"toggle-text\">\n        <p>La mise en place de la protection du site passe avant tout par sa connaissance. Gr\u00e2ce \u00e0 une pr\u00e9sence r\u00e9guli\u00e8re sur le site et \u00e0 une connaissance fine de ses enjeux et de ses menaces, le GEPOMAY a pu cartographier les menaces inh\u00e9rentes au site. Ainsi, seulement 8 des 21 ha de for\u00eat sont encore pr\u00e9serv\u00e9s de l\u2019avanc\u00e9e des cultures.<\/p>\n\n        <p>De nombreux suivis scientifiques ont \u00e9galement \u00e9t\u00e9 mis en place afin de suivre l\u2019\u00e9volution de l\u2019\u00e9cosyst\u00e8me. Un suivi mensuel de l\u2019avifaune, des suivis de la flore prot\u00e9g\u00e9e et du paysage sont r\u00e9guli\u00e8rement r\u00e9alis\u00e9s, fournissant d\u00e8s lors des donn\u00e9es essentielles \u00e0 la compr\u00e9hension et \u00e0 la gestion du site.<\/p>\n\n        <p>Des sessions de surveillance sont r\u00e9guli\u00e8rement r\u00e9alis\u00e9es au sein de l&rsquo;arri\u00e8re-mangrove afin d\u2019assurer une veille et de rencontrer les usagers. Dans une volont\u00e9 de sensibilisation et de concertation, le GEPOMAY veille \u00e0 conserver un lien avec ces derniers car ils repr\u00e9sentent les premiers garants de l\u2019int\u00e9grit\u00e9 du site.<\/p>\n\n        <p>Par ailleurs, les agents permanents de gestion seront prochainement asserment\u00e9s afin d\u2019int\u00e9grer la police de l\u2019environnement. Cela permettra d\u2019apporter de nouvelles comp\u00e9tences au service de la protection du site.<\/p>\n      <\/div>\n      <div class=\"toggle-image\">\n        <img decoding=\"async\" src=\"https:\/\/gepomay.fr\/wp-content\/uploads\/2025\/07\/BdB_figure_3-scaled.jpeg\" alt=\"Cartographie des menaces de l\u2019arri\u00e8re-mangrove de la baie de Bou\u00e9ni\" \/>\n        <div class=\"caption\">Cartographie des menaces de l\u2019arri\u00e8re-mangrove de la baie de Bou\u00e9ni<\/div>\n      <\/div>\n    <\/div>\n  <\/div>\t\t\t\t\t\t\t\t<\/div>\n\t\t\t\t<\/div>\n\t\t\t\t<div class=\"elementor-element elementor-element-8d3a0e2 elementor-widget elementor-widget-text-editor\" data-id=\"8d3a0e2\" data-element_type=\"widget\" data-widget_type=\"text-editor.default\">\n\t\t\t\t<div class=\"elementor-widget-container\">\n\t\t\t\t\t\t\t\t\t<style>\n.toggle-container {\n  background-color: #e6f2fa;\n  border-radius: 8px;\n  margin: 20px 0;\n  font-family: 'Roboto', sans-serif;\n  box-shadow: 0 2px 5px rgba(0,0,0,0.1);\n  overflow: hidden;\n}\n\n.toggle-header {\n  cursor: pointer;\n  padding: 15px 20px;\n  display: flex;\n  align-items: center;\n  justify-content: space-between;\n  font-weight: bold;\n  font-size: 18px;\n  color: #003d66;\n  background-color: #d4e9f7;\n  transition: background-color 0.3s ease;\n}\n\n.toggle-header:hover {\n  background-color: #c9e1f0;\n}\n\n.toggle-icon {\n  font-size: 20px;\n  transition: transform 0.3s ease;\n}\n\n.toggle-icon.rotate {\n  transform: rotate(180deg);\n}\n\n.toggle-content {\n  max-height: 0;\n  overflow: hidden;\n  transition: max-height 0.5s ease;\n  padding: 0 20px;\n  color: #000000;\n}\n\n.toggle-content.open {\n  padding: 20px;\n  max-height: 2000px;\n}\n\n.toggle-flex {\n  display: flex;\n  gap: 20px;\n  align-items: stretch; \/* IMPORTANT *\/\n  flex-wrap: wrap;\n}\n\n.toggle-text {\n  flex: 1 1 65%;\n  text-align: justify;\n}\n\n.toggle-image {\n  flex: 1 1 30%;\n  text-align: center;\n  display: flex;\n  flex-direction: column;\n}\n\n.toggle-image img {\n  width: auto;\n  height: 100%; \/* prendre la hauteur compl\u00e8te du conteneur *\/\n  border-radius: 5px;\n  object-fit: cover;\n}\n\n.caption {\n  font-size: 13px;\n  color: #333;\n  margin-top: 5px;\n  text-align: justify;\n  \/* Pour que la l\u00e9gende ne casse pas la hauteur de l'image, on peut la placer sous l'image *\/\n}\n<\/style>\n\n<div class=\"toggle-container\">\n  <div class=\"toggle-header\" onclick=\"this.nextElementSibling.classList.toggle('open'); this.querySelector('.toggle-icon').classList.toggle('rotate');\">\n    Restaurer\n    <span class=\"toggle-icon\">\u25bc<\/span>\n  <\/div>\n  <div class=\"toggle-content\">\n    <div class=\"toggle-flex\">\n      <div class=\"toggle-text\">\n        <p>Des actions de restauration ont r\u00e9guli\u00e8rement lieu dans la prairie humide de Malamani. Le suivi de la convention d&rsquo;occupation temporaire \u00e0 usage agricole de l&rsquo;\u00e9leveur, mise en place durant le LIFE BIODIV\u2019OM (lien vers le projet), permet de conserver un milieu prairial ouvert propice \u00e0 l\u2019alimentation des crabiers blancs et au d\u00e9veloppement de nombreuses autres esp\u00e8ces. En compl\u00e9ment du p\u00e2turage, des actions d&rsquo;arrachage manuel sont r\u00e9alis\u00e9es \u00e0 la saison humide, permettant le contr\u00f4le des esp\u00e8ces v\u00e9g\u00e9tales exotiques envahissantes sur la prairie.<\/p>\n        <p>Des actions de replantation dans la for\u00eat sont programm\u00e9es pour la saison humide 2025\/2026 et devraient permettre d\u2019amorcer la reconqu\u00eate foresti\u00e8re sur le site. Dans le cadre de la mesure compensatoire relative \u00e0 la construction de la d\u00e9chetterie de Malamani, le SIDEVAM finance la restauration de 9000 m\u00b2 de for\u00eat d\u2019arri\u00e8re-mangrove d\u00e9grad\u00e9e.<\/p>\n      <\/div>\n      <div class=\"toggle-image\">\n        <img decoding=\"async\" src=\"https:\/\/gepomay.fr\/wp-content\/uploads\/2025\/07\/BdB_figure_7-scaled.jpg\" alt=\"Session d\u2019arrachage prairie humide Malamani\" \/>\n        <div class=\"caption\">Session d\u2019arrachage de plantes exotiques envahissantes sur la prairie humide de Malamani en mars 2024<\/div>\n      <\/div>\n    <\/div>\n  <\/div>\n<\/div>\t\t\t\t\t\t\t\t<\/div>\n\t\t\t\t<\/div>\n\t\t\t\t<div class=\"elementor-element elementor-element-063ea29 elementor-widget elementor-widget-text-editor\" data-id=\"063ea29\" data-element_type=\"widget\" data-widget_type=\"text-editor.default\">\n\t\t\t\t<div class=\"elementor-widget-container\">\n\t\t\t\t\t\t\t\t\t<style>\n.toggle-container {\n  background-color: #e6f2fa;\n  border-radius: 8px;\n  margin: 20px 0;\n  font-family: 'Roboto', sans-serif;\n  box-shadow: 0 2px 5px rgba(0,0,0,0.1);\n  overflow: hidden;\n}\n\n.toggle-header {\n  cursor: pointer;\n  padding: 15px 20px;\n  display: flex;\n  align-items: center;\n  justify-content: space-between;\n  font-weight: bold;\n  font-size: 18px;\n  color: #003d66;\n  background-color: #d4e9f7;\n  transition: background-color 0.3s ease;\n}\n\n.toggle-header:hover {\n  background-color: #c9e1f0;\n}\n\n.toggle-icon {\n  font-size: 20px;\n  transition: transform 0.3s ease;\n}\n\n.toggle-icon.rotate {\n  transform: rotate(180deg);\n}\n\n.toggle-content {\n  max-height: 0;\n  overflow: hidden;\n  transition: max-height 0.5s ease;\n  padding: 0 20px;\n  color: #000000;\n}\n\n.toggle-content.open {\n  padding: 20px;\n  max-height: 2000px;\n}\n\n.toggle-content p {\n  text-align: justify;\n}\n<\/style>\n\n<div class=\"toggle-container\">\n  <div class=\"toggle-header\" onclick=\"this.nextElementSibling.classList.toggle('open'); this.querySelector('.toggle-icon').classList.toggle('rotate');\">\n    Sensibiliser\n    <span class=\"toggle-icon\">\u25bc<\/span>\n  <\/div>\n  <div class=\"toggle-content\">\n    <p>La sensibilisation est essentielle pour que la population s&rsquo;approprie les diff\u00e9rents enjeux li\u00e9s \u00e0 la mangrove et devienne actrice de sa pr\u00e9servation.<\/p>\n\n    <p>En lien avec le Conservatoire du Littoral et la mairie de Chirongui, un projet de sentier est actuellement \u00e0 l\u2019\u00e9tude pour favoriser la d\u00e9couverte de l&rsquo;arri\u00e8re mangrove dans les meilleures conditions possibles. Ce projet est d\u2019autant plus d\u2019actualit\u00e9 depuis le passage du cyclone Chido qui a condamn\u00e9 l\u2019acc\u00e8s \u00e0 l\u2019ancien GR, jusqu\u2019alors utilis\u00e9 pour cheminer sur le site.<\/p>\n\n    <p>S\u2019inscrivant dans cette volont\u00e9 de sensibilisation et d\u2019ouverture \u00e0 l\u2019\u00e9ducation \u00e0 l\u2019environnement, notamment aupr\u00e8s des scolaires, les CM2 de l\u2019\u00e9cole de Malamani sont engag\u00e9s sur un projet d\u2019<a href=\"https:\/\/gepomay.fr\/index.php\/aires-terrestres-educatives\/#:~:text=Les%20Aires%20Terrestres%20%C3%89ducatives%20(ATE,naturel%20proche%20de%20leur%20%C3%A9cole.\" target=\"_blank\" rel=\"noopener\">Aire Terrestre Educative<\/a>. Tout au long de l\u2019ann\u00e9e, ils deviennent acteurs de la pr\u00e9servation de cet espace naturel, leur permettant d\u2019acqu\u00e9rir de nombreuses connaissances et de construire leur sensibilit\u00e9 environnementale.<\/p>\n\n    <p>Le GEPOMAY r\u00e9alise r\u00e9guli\u00e8rement des sorties en arri\u00e8re-mangrove avec les adh\u00e9rents de l&rsquo;association (<a href=\"https:\/\/www.helloasso.com\/associations\/gepomay\/adhesions\/en-2025-j-adhere-au-gepomay\" target=\"_blank\" rel=\"noopener\">lien pour adh\u00e9rer<\/a>) afin de leur faire (re)d\u00e9couvrir cet \u00e9cosyst\u00e8me et les diff\u00e9rentes esp\u00e8ces qu&rsquo;il abrite en son sein.<\/p>\n  <\/div>\n<\/div>\n\t\t\t\t\t\t\t\t<\/div>\n\t\t\t\t<\/div>\n\t\t\t\t<div class=\"elementor-element elementor-element-057dc69 elementor-widget elementor-widget-spacer\" data-id=\"057dc69\" data-element_type=\"widget\" data-widget_type=\"spacer.default\">\n\t\t\t\t<div class=\"elementor-widget-container\">\n\t\t\t\t\t\t\t<div class=\"elementor-spacer\">\n\t\t\t<div class=\"elementor-spacer-inner\"><\/div>\n\t\t<\/div>\n\t\t\t\t\t\t<\/div>\n\t\t\t\t<\/div>\n\t\t\t\t<div class=\"elementor-element elementor-element-54bb485 elementor-widget elementor-widget-text-editor\" data-id=\"54bb485\" data-element_type=\"widget\" data-widget_type=\"text-editor.default\">\n\t\t\t\t<div class=\"elementor-widget-container\">\n\t\t\t\t\t\t\t\t\t<p><span style=\"color: #ffffff;\">XXX<\/span><\/p>\t\t\t\t\t\t\t\t<\/div>\n\t\t\t\t<\/div>\n\t\t\t\t<div class=\"elementor-element elementor-element-a2129d4 elementor-widget elementor-widget-spacer\" data-id=\"a2129d4\" data-element_type=\"widget\" data-widget_type=\"spacer.default\">\n\t\t\t\t<div class=\"elementor-widget-container\">\n\t\t\t\t\t\t\t<div class=\"elementor-spacer\">\n\t\t\t<div class=\"elementor-spacer-inner\"><\/div>\n\t\t<\/div>\n\t\t\t\t\t\t<\/div>\n\t\t\t\t<\/div>\n\t\t\t\t<div class=\"elementor-element elementor-element-726d333 elementor-widget elementor-widget-text-editor\" data-id=\"726d333\" data-element_type=\"widget\" data-widget_type=\"text-editor.default\">\n\t\t\t\t<div class=\"elementor-widget-container\">\n\t\t\t\t\t\t\t\t\t<p style=\"text-align: justify;\"><span style=\"color: #000000;\">En tant que gestionnaire de l\u2019arri\u00e8re-mangrove de la baie de Bou\u00e9ni, le GEPOMAY se place en garant de l\u2019int\u00e9grit\u00e9 de ce site exceptionnel o\u00f9 concertation et \u00e9coute sont les maitres mots. Nous avons pour r\u00f4le de concilier protection de l\u2019environnement et activit\u00e9s humaines en trouvant des compromis en faveur du bien commun.<\/span><\/p><p style=\"text-align: justify;\">\u00a0<\/p><p style=\"text-align: justify;\"><span style=\"color: #000000;\">A bient\u00f4t dans la baie de Bou\u00e9ni !<\/span><\/p>\t\t\t\t\t\t\t\t<\/div>\n\t\t\t\t<\/div>\n\t\t\t\t<div class=\"elementor-element elementor-element-c0675b4 elementor-widget elementor-widget-text-editor\" data-id=\"c0675b4\" data-element_type=\"widget\" data-widget_type=\"text-editor.default\">\n\t\t\t\t<div class=\"elementor-widget-container\">\n\t\t\t\t\t\t\t\t\t\n<div style=\"width: 100%; margin-bottom: 10px;\">\n  <div style=\"\n    width: 100%;\n    height: 250px;\n    background-image: url('https:\/\/gepomay.fr\/wp-content\/uploads\/2025\/07\/B2B-Capture-decran-.png');\n    background-size: cover;\n    background-position: center;\n    background-repeat: no-repeat;\n  \">\n  <\/div>\n  <p style=\"font-size: 13px; color: #555; text-align: center; margin-top: 5px;\">\n    Cartographie du site de l\u2019arri\u00e8re-mangrove de la baie de Bou\u00e9ni g\u00e9r\u00e9 par le GEPOMAY (23,5 ha)\n  <\/p>\n<\/div>\n\t\t\t\t\t\t\t\t<\/div>\n\t\t\t\t<\/div>\n\t\t\t\t<div class=\"elementor-element elementor-element-2637007 elementor-widget elementor-widget-text-editor\" data-id=\"2637007\" data-element_type=\"widget\" data-widget_type=\"text-editor.default\">\n\t\t\t\t<div class=\"elementor-widget-container\">\n\t\t\t\t\t\t\t\t\t<p><span style=\"color: #ffffff;\">xxx<\/span><\/p>\t\t\t\t\t\t\t\t<\/div>\n\t\t\t\t<\/div>\n\t\t\t\t\t<\/div>\n\t\t\t\t<\/div>\n\t\t\t\t<\/div>\n\t\t","protected":false},"excerpt":{"rendered":"<p>L\u2019arri\u00e8re-mangrove, entre for\u00eat et prairie humide \u2013 Cr\u00e9dit photo : GEPOMAY Depuis juin 2023, le GEPOMAY est gestionnaire d&rsquo;une partie de l&rsquo;arri\u00e8re-mangrove de la baie de Bou\u00e9ni. Situ\u00e9e entre Malamani et Poroani, cette propri\u00e9t\u00e9 du Conservatoire du littoral de 23,5 ha se compose de for\u00eats supralittorales, de tannes et de prairies humides. V\u00e9ritable transition entre &hellip; <\/p>\n<p class=\"link-more\"><a href=\"https:\/\/gepomay.fr\/index.php\/gestion-de-la-mangrove-et-de-larriere-mangrove-de-la-baie-de-boueni\/\" class=\"more-link\">Lire la suite de<span class=\"screen-reader-text\">\u00ab\u00a0Gestion de la mangrove et de l&rsquo;arri\u00e8re mangrove de la baie de Bou\u00e9ni\u00a0\u00bb<\/span><\/a><\/p>\n","protected":false},"author":1,"featured_media":0,"parent":0,"menu_order":0,"comment_status":"closed","ping_status":"closed","template":"","meta":{"footnotes":""},"_links":{"self":[{"href":"https:\/\/gepomay.fr\/index.php\/wp-json\/wp\/v2\/pages\/6044"}],"collection":[{"href":"https:\/\/gepomay.fr\/index.php\/wp-json\/wp\/v2\/pages"}],"about":[{"href":"https:\/\/gepomay.fr\/index.php\/wp-json\/wp\/v2\/types\/page"}],"author":[{"embeddable":true,"href":"https:\/\/gepomay.fr\/index.php\/wp-json\/wp\/v2\/users\/1"}],"replies":[{"embeddable":true,"href":"https:\/\/gepomay.fr\/index.php\/wp-json\/wp\/v2\/comments?post=6044"}],"version-history":[{"count":26,"href":"https:\/\/gepomay.fr\/index.php\/wp-json\/wp\/v2\/pages\/6044\/revisions"}],"predecessor-version":[{"id":6090,"href":"https:\/\/gepomay.fr\/index.php\/wp-json\/wp\/v2\/pages\/6044\/revisions\/6090"}],"wp:attachment":[{"href":"https:\/\/gepomay.fr\/index.php\/wp-json\/wp\/v2\/media?parent=6044"}],"curies":[{"name":"wp","href":"https:\/\/api.w.org\/{rel}","templated":true}]}}